{"id":249,"date":"2017-02-22T10:00:49","date_gmt":"2017-02-22T10:00:49","guid":{"rendered":"http:\/\/biandel.com\/osogoa\/?page_id=5"},"modified":"2023-06-15T19:30:08","modified_gmt":"2023-06-15T19:30:08","slug":"home","status":"publish","type":"page","link":"https:\/\/www.asociacionaurpa.org\/index.php\/home\/","title":{"rendered":"Home"},"content":{"rendered":"<p>[vc_row][vc_column][vc_column_text][mk_page_section bg_image=&#8221;http:\/\/www.asociacionaurpa.org\/wp-content\/uploads\/2018\/04\/rio-san-marcos-sevilla-cuenca-rio-la-paila.jpg&#8221; bg_position=&#8221;center center&#8221; bg_repeat=&#8221;no-repeat&#8221; bg_stretch=&#8221;true&#8221; min_height=&#8221;0&#8243; padding_top=&#8221;150&#8243; padding_bottom=&#8221;350&#8243; sidebar=&#8221;sidebar-1&#8243;][\/vc_column_text][\/vc_column][\/vc_row][vc_column width=&#8221;1\/4&#8243;][\/vc_column][vc_column width=&#8221;1\/2&#8243;][vc_column_text align=&#8221;center&#8221; css=&#8221;.vc_custom_1524780098250{margin-bottom: 0px !important;}&#8221;]<span style=\"color: #fff; font-size: 16px;\">El r\u00edo La Paila nace a una altura aproximada de 1320 m.s.n.m en el corregimiento de Ceyl\u00e1n, municipio de Bugalagrande y entrega sus aguas al r\u00edo Cauca en el corregimiento de la Paila Municipio<br \/>\nde Zarzal.<\/span>[\/vc_column_text][\/vc_column][vc_column width=&#8221;1\/4&#8243;][\/vc_column][vc_row][vc_column][vc_column_text][\/mk_page_section][\/vc_column_text][\/vc_column][\/vc_row][vc_row fullwidth=&#8221;true&#8221; attached=&#8221;true&#8221;][vc_column width=&#8221;7\/12&#8243;][vc_row_inner attached=&#8221;true&#8221; column_padding=&#8221;2&#8243;][vc_column_inner width=&#8221;1\/2&#8243;][vc_column_text][mk_icon_box2 icon_type=&#8221;image&#8221; icon_size=&#8221;48&#8243; icon_image=&#8221;http:\/\/www.asociacionaurpa.org\/wp-content\/uploads\/2017\/02\/icon-01.png&#8221; title_size=&#8221;15&#8243; title_weight=&#8221;bold&#8221; title_color=&#8221;#9476c9&#8243; title_top_padding=&#8221;20&#8243; title_bottom_padding=&#8221;20&#8243; description_color=&#8221;#2c2c2c&#8221; align=&#8221;right&#8221;]Es la organizaci\u00f3n de usuarios de agua superficial y subterr\u00e1nea de la cuenca del r\u00edo La Paila, cuya sigla es \u201cAURPA\u201d de car\u00e1cter privado, sin \u00e1nimo de lucro.[\/mk_icon_box2][\/vc_column_text][\/vc_column_inner][vc_column_inner width=&#8221;1\/2&#8243;][vc_column_text][mk_icon_box2 icon_type=&#8221;image&#8221; icon_size=&#8221;48&#8243; icon_image=&#8221;http:\/\/www.asociacionaurpa.org\/wp-content\/uploads\/2017\/02\/icon-02.png&#8221; title_size=&#8221;15&#8243; title_weight=&#8221;bold&#8221; title_color=&#8221;#9476c9&#8243; title_top_padding=&#8221;20&#8243; title_bottom_padding=&#8221;20&#8243; description_color=&#8221;#2c2c2c&#8221; align=&#8221;left&#8221;]Creada con el prop\u00f3sito de fomentar el desarrollo social, la conservaci\u00f3n y la calidad del agua superficial y subterr\u00e1nea de la cuenca del R\u00edo La Paila,[\/mk_icon_box2][\/vc_column_text][\/vc_column_inner][\/vc_row_inner][\/vc_column][vc_column width=&#8221;5\/12&#8243;][vc_column_text][mk_custom_box padding_vertical=&#8221;0&#8243; padding_horizental=&#8221;0&#8243; margin_bottom=&#8221;0&#8243; min_height=&#8221;600&#8243; bg_image=&#8221;http:\/\/www.asociacionaurpa.org\/wp-content\/uploads\/2018\/04\/rio-totoro-sevilla-cuenca-rio-la-paila.jpg&#8221; bg_stretch=&#8221;true&#8221;][\/mk_custom_box][\/vc_column_text][\/vc_column][\/vc_row][vc_row fullwidth=&#8221;true&#8221; fullwidth_content=&#8221;false&#8221; css=&#8221;.vc_custom_1524858454802{background-color: rgba(164,235,88,0.78) !important;*background-color: rgb(164,235,88) !important;}&#8221; id=&#8221;proposito&#8221;][vc_column width=&#8221;6\/12&#8243;][vc_column_text css=&#8221;.vc_custom_1524838836494{margin-bottom: 0px !important;}&#8221;]<\/p>\n<p style=\"text-align: justify;\"><span style=\"color: #000; font-size: 16px;\">\u00a0La Asociaci\u00f3n tendr\u00e1 por objeto fundamental a la par con el desarrollo social el promover y fomentar la recuperaci\u00f3n, el mejoramiento, conservaci\u00f3n del recurso h\u00eddrico superficial y subterr\u00e1nea, la conservaci\u00f3n biol\u00f3gica de sus especies, de sus ecosistemas dentro del contexto del desarrollo sostenible, servir de espacio e instrumento para la integraci\u00f3n, concertaci\u00f3n, coordinaci\u00f3n de recursos t\u00e9cnicos, econ\u00f3micos y humanos dirigidos a la gesti\u00f3n integral del agua, al ordenamiento, administraci\u00f3n y manejo sostenible de la cuenca hidrogr\u00e1fica del r\u00edo La Paila.<\/span><\/p>\n<p>[\/vc_column_text][\/vc_column][vc_column width=&#8221;6\/12&#8243;][vc_row_inner is_fullwidth_content=&#8221;false&#8221;][vc_column_inner width=&#8221;3\/12&#8243;][vc_column_text][mk_image src=&#8221;http:\/\/www.asociacionaurpa.org\/wp-content\/uploads\/2018\/04\/shield-2.png&#8221; image_size=&#8221;full&#8221; align=&#8221;center&#8221; margin_bottom=&#8221;0&#8243;][\/vc_column_text][\/vc_column_inner][vc_column_inner width=&#8221;9\/12&#8243;][vc_column_text css=&#8221;.vc_custom_1524791804948{margin-bottom: 0px !important;}&#8221;]<span style=\"color: #2c2c2c;\">Aislamiento de Protecci\u00f3n AP<\/span>[\/vc_column_text][\/vc_column_inner][\/vc_row_inner][vc_row_inner][vc_column_inner width=&#8221;3\/12&#8243;][vc_column_text][mk_image src=&#8221;http:\/\/www.asociacionaurpa.org\/wp-content\/uploads\/2018\/04\/bamboo.png&#8221; image_size=&#8221;full&#8221; align=&#8221;center&#8221; margin_bottom=&#8221;0&#8243;][\/vc_column_text][\/vc_column_inner][vc_column_inner width=&#8221;9\/12&#8243;][vc_column_text css=&#8221;.vc_custom_1524791927629{margin-bottom: 0px !important;}&#8221;]Sistema Silvopastoril &#8211; SSP[\/vc_column_text][\/vc_column_inner][\/vc_row_inner][vc_row_inner][vc_column_inner width=&#8221;3\/12&#8243;][vc_column_text][mk_image src=&#8221;http:\/\/www.asociacionaurpa.org\/wp-content\/uploads\/2018\/04\/fence.png&#8221; image_size=&#8221;full&#8221; align=&#8221;center&#8221; margin_bottom=&#8221;0&#8243;][\/vc_column_text][\/vc_column_inner][vc_column_inner width=&#8221;9\/12&#8243;][vc_column_text css=&#8221;.vc_custom_1524792043181{margin-bottom: 0px !important;}&#8221;]Cerca Viva &#8211; CV[\/vc_column_text][\/vc_column_inner][\/vc_row_inner][vc_row_inner][vc_column_inner width=&#8221;3\/12&#8243;][vc_column_text][mk_image src=&#8221;http:\/\/www.asociacionaurpa.org\/wp-content\/uploads\/2018\/04\/grass.png&#8221; image_size=&#8221;full&#8221; align=&#8221;center&#8221; margin_bottom=&#8221;0&#8243;][\/vc_column_text][\/vc_column_inner][vc_column_inner width=&#8221;9\/12&#8243;][vc_column_text css=&#8221;.vc_custom_1524792190029{margin-bottom: 0px !important;}&#8221;]Enriquecimiento \u00e1rea de protecci\u00f3n ENR[\/vc_column_text][\/vc_column_inner][\/vc_row_inner][vc_row_inner][vc_column_inner width=&#8221;3\/12&#8243;][vc_column_text][mk_image src=&#8221;http:\/\/www.asociacionaurpa.org\/wp-content\/uploads\/2018\/04\/trees.png&#8221; image_size=&#8221;full&#8221; align=&#8221;center&#8221; margin_bottom=&#8221;0&#8243;][\/vc_column_text][\/vc_column_inner][vc_column_inner width=&#8221;9\/12&#8243;][vc_column_text css=&#8221;.vc_custom_1524792261876{margin-bottom: 0px !important;}&#8221;]Bosque de protecci\u00f3n &#8211; BP[\/vc_column_text][\/vc_column_inner][\/vc_row_inner][vc_row_inner][vc_column_inner width=&#8221;3\/12&#8243;][vc_column_text][mk_image src=&#8221;http:\/\/www.asociacionaurpa.org\/wp-content\/uploads\/2018\/04\/forest.png&#8221; image_size=&#8221;full&#8221; align=&#8221;center&#8221; margin_bottom=&#8221;0&#8243;][\/vc_column_text][\/vc_column_inner][vc_column_inner width=&#8221;9\/12&#8243;][vc_column_text css=&#8221;.vc_custom_1524792261876{margin-bottom: 0px !important;}&#8221;]Bosque de protecci\u00f3n &#8211; BP[\/vc_column_text][\/vc_column_inner][\/vc_row_inner][vc_row_inner][vc_column_inner width=&#8221;3\/12&#8243;][vc_column_text][mk_image src=&#8221;http:\/\/www.asociacionaurpa.org\/wp-content\/uploads\/2018\/04\/plant.png&#8221; image_size=&#8221;full&#8221; align=&#8221;center&#8221; margin_bottom=&#8221;0&#8243;][\/vc_column_text][\/vc_column_inner][vc_column_inner width=&#8221;9\/12&#8243;][vc_column_text css=&#8221;.vc_custom_1524792360755{margin-bottom: 0px !important;}&#8221;]Liberaci\u00f3n de \u00e1reas[\/vc_column_text][\/vc_column_inner][\/vc_row_inner][\/vc_column][\/vc_row][vc_row fullwidth=&#8221;true&#8221; id=&#8221;nosotros&#8221;][vc_column width=&#8221;1\/2&#8243; css=&#8221;.vc_custom_1524793848402{padding-right: 0px !important;padding-left: 0px !important;}&#8221;][vc_column_text][mk_custom_box padding_vertical=&#8221;0&#8243; padding_horizental=&#8221;0&#8243; margin_bottom=&#8221;0&#8243; min_height=&#8221;600&#8243; bg_image=&#8221;http:\/\/www.asociacionaurpa.org\/wp-content\/uploads\/2018\/04\/sistemas-silvopastoriles-ssp.jpg&#8221; bg_stretch=&#8221;true&#8221;][\/mk_custom_box][\/vc_column_text][\/vc_column][vc_column width=&#8221;1\/2&#8243; css=&#8221;.vc_custom_1524793874613{padding-right: 0px !important;padding-left: 0px !important;}&#8221;][vc_column_text css=&#8221;.vc_custom_1524838889943{margin-bottom: 0px !important;padding-right: 20px !important;padding-left: 20px !important;}&#8221;]<\/p>\n<p style=\"text-align: justify;\">La Asociaci\u00f3n de Usuarios del Rio La Paila \u2013 AURPA, promueve y fomenta la recuperaci\u00f3n, el mejoramiento, conservaci\u00f3n del recurso h\u00eddrico y dem\u00e1s recursos naturales de la Cuenca Hidrogr\u00e1fica del R\u00edo La Paila.<\/p>\n<p>[\/vc_column_text][\/vc_column][\/vc_row][vc_row fullwidth=&#8221;true&#8221;][vc_column width=&#8221;1\/2&#8243; css=&#8221;.vc_custom_1524793839448{padding-right: 0px !important;padding-left: 0px !important;}&#8221;][vc_column_text css=&#8221;.vc_custom_1524838880494{margin-bottom: 0px !important;padding-right: 20px !important;padding-left: 20px !important;}&#8221;]<\/p>\n<p style=\"text-align: justify;\">AURPA, para el a\u00f1o 2020, habr\u00e1 participado directa o indirectamente en el 50% de los proyectos establecidos en el Plan de Ordenamiento y Manejo de la Cuenca Hidrogr\u00e1fica del R\u00edo la Paila, siendo reconocidos como l\u00edderes en los temas de conservaci\u00f3n y sostenibilidad de los Recursos Naturales de la cuenca.<\/p>\n<p>[\/vc_column_text][\/vc_column][vc_column width=&#8221;1\/2&#8243; css=&#8221;.vc_custom_1524793912043{padding-right: 0px !important;padding-left: 0px !important;}&#8221;][vc_column_text][mk_custom_box padding_vertical=&#8221;0&#8243; padding_horizental=&#8221;0&#8243; margin_bottom=&#8221;0&#8243; min_height=&#8221;600&#8243; bg_image=&#8221;http:\/\/www.asociacionaurpa.org\/wp-content\/uploads\/2018\/04\/salidas-de-campo-con-el-acompanamiento-de-comunidad-de-la-paila-y-bugalagrande.jpg&#8221; bg_stretch=&#8221;true&#8221;][\/mk_custom_box][\/vc_column_text][\/vc_column][\/vc_row][vc_row parallax=&#8221;content-moving&#8221; parallax_image=&#8221;496&#8243; fullwidth=&#8221;true&#8221; id=&#8221;contacto&#8221; el_class=&#8221;clascontacto&#8221;][vc_column][vc_row_inner is_fullwidth_content=&#8221;false&#8221; el_class=&#8221;classs&#8221;][vc_column_inner][vc_column_text el_class=&#8221;text-contacto&#8221; css=&#8221;.vc_custom_1524841689722{margin-bottom: 0px !important;padding-right: 20px !important;padding-left: 20px !important;}&#8221;]<\/p>\n<p style=\"text-align: justify;\"><span style=\"font-size: 20px;\">Si deseas comunicarte con nosotros para solicitud de informaci\u00f3n o alguna queja o reclamo\u00a0 llena el siguiente formulario de contacto.<\/span><\/p>\n<p>[\/vc_column_text]\n<div class=\"wpcf7 no-js\" id=\"wpcf7-f494-o1\" lang=\"es-CO\" dir=\"ltr\" data-wpcf7-id=\"494\">\n<div class=\"screen-reader-response\"><p role=\"status\" aria-live=\"polite\" aria-atomic=\"true\"><\/p> <ul><\/ul><\/div>\n<form action=\"\/index.php\/wp-json\/wp\/v2\/pages\/249#wpcf7-f494-o1\" method=\"post\" class=\"wpcf7-form init\" aria-label=\"Formulario de contacto\" novalidate=\"novalidate\" data-status=\"init\">\n<fieldset class=\"hidden-fields-container\"><input type=\"hidden\" name=\"_wpcf7\" value=\"494\" \/><input type=\"hidden\" name=\"_wpcf7_version\" value=\"6.1.1\" \/><input type=\"hidden\" name=\"_wpcf7_locale\" value=\"es_CO\" \/><input type=\"hidden\" name=\"_wpcf7_unit_tag\" value=\"wpcf7-f494-o1\" \/><input type=\"hidden\" name=\"_wpcf7_container_post\" value=\"0\" \/><input type=\"hidden\" name=\"_wpcf7_posted_data_hash\" value=\"\" \/>\n<\/fieldset>\n<p><label> Nombre (requerido)<br \/>\n<span class=\"wpcf7-form-control-wrap\" data-name=\"your-name\"><input size=\"40\" maxlength=\"400\" class=\"wpcf7-form-control wpcf7-text wpcf7-validates-as-required\" aria-required=\"true\" aria-invalid=\"false\" value=\"\" type=\"text\" name=\"your-name\" \/><\/span> <\/label>\n<\/p>\n<p><label> Correo Electr\u00f3nico (requerido)<br \/>\n<span class=\"wpcf7-form-control-wrap\" data-name=\"your-email\"><input size=\"40\" maxlength=\"400\" class=\"wpcf7-form-control wpcf7-email wpcf7-validates-as-required wpcf7-text wpcf7-validates-as-email\" aria-required=\"true\" aria-invalid=\"false\" value=\"\" type=\"email\" name=\"your-email\" \/><\/span> <\/label>\n<\/p>\n<p><label> Asunto<br \/>\n<span class=\"wpcf7-form-control-wrap\" data-name=\"your-subject\"><input size=\"40\" maxlength=\"400\" class=\"wpcf7-form-control wpcf7-text\" aria-invalid=\"false\" value=\"\" type=\"text\" name=\"your-subject\" \/><\/span> <\/label>\n<\/p>\n<p><label> Escribe tu mensaje (requerido)<br \/>\n<span class=\"wpcf7-form-control-wrap\" data-name=\"your-message\"><textarea cols=\"40\" rows=\"10\" maxlength=\"2000\" class=\"wpcf7-form-control wpcf7-textarea wpcf7-validates-as-required\" aria-required=\"true\" aria-invalid=\"false\" name=\"your-message\"><\/textarea><\/span> <\/label>\n<\/p>\n<p><input class=\"wpcf7-form-control wpcf7-submit has-spinner\" type=\"submit\" value=\"Enviar\" \/>\n<\/p><div class=\"wpcf7-response-output\" aria-hidden=\"true\"><\/div>\n<\/form>\n<\/div>\n[\/vc_column_inner][\/vc_row_inner][\/vc_column][\/vc_row]<\/p>\n","protected":false},"excerpt":{"rendered":"<p>[vc_row][vc_column][vc_column_text][mk_page_section bg_image=&#8221;http:\/\/www.asociacionaurpa.org\/wp-content\/uploads\/2018\/04\/rio-san-marcos-sevilla-cuenca-rio-la-paila.jpg&#8221; bg_position=&#8221;center center&#8221; bg_repeat=&#8221;no-repeat&#8221; bg_stretch=&#8221;true&#8221; min_height=&#8221;0&#8243; padding_top=&#8221;150&#8243; padding_bottom=&#8221;350&#8243; sidebar=&#8221;sidebar-1&#8243;][\/vc_column_text][\/vc_column][\/vc_row][vc_column width=&#8221;1\/4&#8243;][\/vc_column][vc_column width=&#8221;1\/2&#8243;][vc_column_text align=&#8221;center&#8221; css=&#8221;.vc_custom_1524780098250{margin-bottom: 0px !important;}&#8221;]El r\u00edo La Paila nace a una altura aproximada de 1320 m.s.n.m en el corregimiento de Ceyl\u00e1n, municipio de Bugalagrande y entrega sus aguas al r\u00edo Cauca en el corregimiento de la Paila Municipio de Zarzal.[\/vc_column_text][\/vc_column][vc_column width=&#8221;1\/4&#8243;][\/vc_column][vc_row][vc_column][vc_column_text][\/mk_page_section][\/vc_column_text][\/vc_column][\/vc_row][vc_row fullwidth=&#8221;true&#8221; attached=&#8221;true&#8221;][vc_column width=&#8221;7\/12&#8243;][vc_row_inner [&hellip;]<\/p>\n","protected":false},"author":2,"featured_media":0,"parent":0,"menu_order":0,"comment_status":"closed","ping_status":"closed","template":"","meta":{"_acf_changed":false,"footnotes":""},"class_list":["post-249","page","type-page","status-publish","hentry"],"acf":[],"_links":{"self":[{"href":"https:\/\/www.asociacionaurpa.org\/index.php\/wp-json\/wp\/v2\/pages\/249","targetHints":{"allow":["GET"]}}],"collection":[{"href":"https:\/\/www.asociacionaurpa.org\/index.php\/wp-json\/wp\/v2\/pages"}],"about":[{"href":"https:\/\/www.asociacionaurpa.org\/index.php\/wp-json\/wp\/v2\/types\/page"}],"author":[{"embeddable":true,"href":"https:\/\/www.asociacionaurpa.org\/index.php\/wp-json\/wp\/v2\/users\/2"}],"replies":[{"embeddable":true,"href":"https:\/\/www.asociacionaurpa.org\/index.php\/wp-json\/wp\/v2\/comments?post=249"}],"version-history":[{"count":15,"href":"https:\/\/www.asociacionaurpa.org\/index.php\/wp-json\/wp\/v2\/pages\/249\/revisions"}],"predecessor-version":[{"id":908,"href":"https:\/\/www.asociacionaurpa.org\/index.php\/wp-json\/wp\/v2\/pages\/249\/revisions\/908"}],"wp:attachment":[{"href":"https:\/\/www.asociacionaurpa.org\/index.php\/wp-json\/wp\/v2\/media?parent=249"}],"curies":[{"name":"wp","href":"https:\/\/api.w.org\/{rel}","templated":true}]}}